{"id":17582,"date":"2023-08-08T13:48:59","date_gmt":"2023-08-08T20:48:59","guid":{"rendered":"https:\/\/utculiacan.edu.mx\/?page_id=17582"},"modified":"2025-01-20T13:26:35","modified_gmt":"2025-01-20T20:26:35","slug":"tsu-en-sistemas-automotrices","status":"publish","type":"page","link":"https:\/\/utculiacan.edu.mx\/en\/tsu-en-sistemas-automotrices\/","title":{"rendered":"Ingenier\u00eda en Sistemas Automotrices"},"content":{"rendered":"[et_pb_section fb_built=&#8221;1&#8243; _builder_version=&#8221;4.21.0&#8243; _module_preset=&#8221;default&#8221; saved_tabs=&#8221;all&#8221; global_colors_info=&#8221;{}&#8221;][et_pb_row column_structure=&#8221;1_2,1_2&#8243; _builder_version=&#8221;4.21.0&#8243; _module_preset=&#8221;default&#8221; width=&#8221;95%&#8221; max_width=&#8221;100vw&#8221; global_colors_info=&#8221;{}&#8221;][et_pb_column type=&#8221;1_2&#8243; _builder_version=&#8221;4.21.0&#8243; _module_preset=&#8221;default&#8221; global_colors_info=&#8221;{}&#8221;][dsm_block_reveal_text block_reveal_text=&#8221;Campo laboral&#8221; _builder_version=&#8221;4.21.0&#8243; _module_preset=&#8221;default&#8221; header_font_size=&#8221;2.5rem&#8221; header_line_height=&#8221;1.1em&#8221; global_colors_info=&#8221;{}&#8221;][\/dsm_block_reveal_text][dsm_block_reveal_text block_reveal_text=&#8221;\u2022 Empresas del sector industrial automotriz&#8221; heading_html_tag=&#8221;p&#8221; _builder_version=&#8221;4.21.0&#8243; _module_preset=&#8221;default&#8221; custom_margin=&#8221;||19px|||&#8221; global_colors_info=&#8221;{}&#8221;][\/dsm_block_reveal_text][dsm_block_reveal_text block_reveal_text=&#8221;\u2022 Empresas del sector industrial de autopartes&#8221; heading_html_tag=&#8221;p&#8221; _builder_version=&#8221;4.21.0&#8243; _module_preset=&#8221;default&#8221; custom_margin=&#8221;||22px|||&#8221; global_colors_info=&#8221;{}&#8221;][\/dsm_block_reveal_text][dsm_block_reveal_text block_reveal_text=&#8221;\u2022 Empresas del sector industrial en pinturas automotriz&#8221; heading_html_tag=&#8221;p&#8221; _builder_version=&#8221;4.21.0&#8243; _module_preset=&#8221;default&#8221; custom_margin=&#8221;||20px|||&#8221; global_colors_info=&#8221;{}&#8221;][\/dsm_block_reveal_text][dsm_block_reveal_text block_reveal_text=&#8221;\u2022 Empresas del sector industrial en prensas y hojalater\u00eda&#8221; heading_html_tag=&#8221;p&#8221; _builder_version=&#8221;4.21.0&#8243; _module_preset=&#8221;default&#8221; custom_margin=&#8221;||20px|||&#8221; global_colors_info=&#8221;{}&#8221;][\/dsm_block_reveal_text][dsm_block_reveal_text block_reveal_text=&#8221;\u2022 Empresas del sector industrial de la transformaci\u00f3n de materiales pl\u00e1sticos&#8221; heading_html_tag=&#8221;p&#8221; _builder_version=&#8221;4.21.0&#8243; _module_preset=&#8221;default&#8221; custom_margin=&#8221;||20px|||&#8221; global_colors_info=&#8221;{}&#8221;][\/dsm_block_reveal_text][dsm_block_reveal_text block_reveal_text=&#8221;\u2022 Su propia empresa de componentes y subcomponentes automotrices&#8221; heading_html_tag=&#8221;p&#8221; _builder_version=&#8221;4.21.0&#8243; _module_preset=&#8221;default&#8221; custom_margin=&#8221;||20px|||&#8221; global_colors_info=&#8221;{}&#8221;][\/dsm_block_reveal_text][\/et_pb_column][et_pb_column type=&#8221;1_2&#8243; _builder_version=&#8221;4.21.0&#8243; _module_preset=&#8221;default&#8221; global_colors_info=&#8221;{}&#8221;][et_pb_image src=&#8221;https:\/\/utculiacan.edu.mx\/wp-content\/uploads\/2023\/07\/Tesla_Motors_Assembly_Line-1024&#215;630.jpg&#8221; alt=&#8221;Chef emplatando&#8221; title_text=&#8221;Tesla_Motors_Assembly_Line&#8221; _builder_version=&#8221;4.21.0&#8243; _module_preset=&#8221;default&#8221; animation_style=&#8221;slide&#8221; animation_duration=&#8221;500ms&#8221; animation_delay=&#8221;500ms&#8221; border_radii=&#8221;on|3px|3px|3px|3px&#8221; global_colors_info=&#8221;{}&#8221;][\/et_pb_image][\/et_pb_column][\/et_pb_row][et_pb_row column_structure=&#8221;1_2,1_2&#8243; _builder_version=&#8221;4.21.0&#8243; _module_preset=&#8221;default&#8221; width=&#8221;95%&#8221; max_width=&#8221;100vw&#8221; global_colors_info=&#8221;{}&#8221;][et_pb_column type=&#8221;1_2&#8243; _builder_version=&#8221;4.21.0&#8243; _module_preset=&#8221;default&#8221; global_colors_info=&#8221;{}&#8221;][et_pb_image src=&#8221;https:\/\/utculiacan.edu.mx\/wp-content\/uploads\/2022\/01\/WhatsApp-Image-2023-04-27-at-12.08-1024&#215;519.jpg&#8221; alt=&#8221;Alumnas de gastronom\u00eda en cocina&#8221; title_text=&#8221;WhatsApp Image 2023-04-27 at 12.08&#8243; align=&#8221;center&#8221; _builder_version=&#8221;4.21.0&#8243; _module_preset=&#8221;default&#8221; animation_style=&#8221;slide&#8221; animation_duration=&#8221;500ms&#8221; animation_delay=&#8221;500ms&#8221; border_radii=&#8221;on|3px|3px|3px|3px&#8221; global_colors_info=&#8221;{}&#8221;][\/et_pb_image][\/et_pb_column][et_pb_column type=&#8221;1_2&#8243; _builder_version=&#8221;4.21.0&#8243; _module_preset=&#8221;default&#8221; global_colors_info=&#8221;{}&#8221;][dsm_block_reveal_text block_reveal_text=&#8221;Competencias con las que contar\u00e1s al egresar&#8221; _builder_version=&#8221;4.21.0&#8243; _module_preset=&#8221;default&#8221; header_font_size=&#8221;2.5rem&#8221; header_line_height=&#8221;1.1em&#8221; custom_margin=&#8221;||16px||false|false&#8221; global_colors_info=&#8221;{}&#8221;][\/dsm_block_reveal_text][dsm_block_reveal_text block_reveal_text=&#8221;\u2022 Validar unidades automotrices mediante pruebas a componentes de la carrocer\u00eda y con base en el seguimiento a la informaci\u00f3n de los sistemas de control de la producci\u00f3n existentes y la normatividad aplicable, para dar continuidad al proceso o recuperar unidades con fallas&#8221; heading_html_tag=&#8221;p&#8221; _builder_version=&#8221;4.21.0&#8243; _module_preset=&#8221;default&#8221; global_colors_info=&#8221;{}&#8221;][\/dsm_block_reveal_text][dsm_block_reveal_text block_reveal_text=&#8221;\u2022 Validar el montaje del auto en proceso mediante la evaluaci\u00f3n de la calidad de la aplicaci\u00f3n de la pintura, pruebas al sistema el\u00e9ctrico, subsistemas de seguridad y protocolo el\u00e9ctrico, para garantizar el cumplimiento de los par\u00e1metros de calidad y est\u00e1ndares normativos&#8221; heading_html_tag=&#8221;p&#8221; _builder_version=&#8221;4.21.0&#8243; _module_preset=&#8221;default&#8221; custom_margin=&#8221;-13px|||||&#8221; global_colors_info=&#8221;{}&#8221;][\/dsm_block_reveal_text][dsm_block_reveal_text block_reveal_text=&#8221;\u2022 Evaluar el montaje del auto terminado mediante pruebas din\u00e1micas de recorrido y de ensamble de componentes y subcomponentes, para garantizar el cumplimiento de los par\u00e1metros de calidad y est\u00e1ndares normativos&#8221; heading_html_tag=&#8221;p&#8221; _builder_version=&#8221;4.21.0&#8243; _module_preset=&#8221;default&#8221; custom_margin=&#8221;-11px|||||&#8221; global_colors_info=&#8221;{}&#8221;][\/dsm_block_reveal_text][dsm_block_reveal_text block_reveal_text=&#8221;\u2022 Determinar el origen y causa ra\u00edz de fallas repetitivas mediante herramientas de an\u00e1lisis de sistemas de medici\u00f3n y de problemas para recuperar unidades indirectas y proponer acciones de mejora&#8221; heading_html_tag=&#8221;p&#8221; _builder_version=&#8221;4.21.0&#8243; _module_preset=&#8221;default&#8221; custom_margin=&#8221;-11px|||||&#8221; global_colors_info=&#8221;{}&#8221;][\/dsm_block_reveal_text][\/et_pb_column][\/et_pb_row][\/et_pb_section][et_pb_section fb_built=&#8221;1&#8243; _builder_version=&#8221;4.21.0&#8243; _module_preset=&#8221;default&#8221; global_colors_info=&#8221;{}&#8221;][et_pb_row _builder_version=&#8221;4.21.0&#8243; _module_preset=&#8221;default&#8221; width=&#8221;100%&#8221; max_width=&#8221;100vw&#8221; global_colors_info=&#8221;{}&#8221;][et_pb_column type=&#8221;4_4&#8243; _builder_version=&#8221;4.21.0&#8243; _module_preset=&#8221;default&#8221; global_colors_info=&#8221;{}&#8221;][dsm_block_reveal_text block_reveal_text=&#8221;Detalles del programa&#8221; _builder_version=&#8221;4.21.0&#8243; _module_preset=&#8221;default&#8221; header_font_size=&#8221;2.5rem&#8221; header_line_height=&#8221;1.1em&#8221; width=&#8221;95%&#8221; max_width=&#8221;100vw&#8221; module_alignment=&#8221;center&#8221; global_colors_info=&#8221;{}&#8221;][\/dsm_block_reveal_text][dsm_image_accordion _builder_version=&#8221;4.21.0&#8243; _module_preset=&#8221;default&#8221; animation_style=&#8221;fade&#8221; animation_direction=&#8221;bottom&#8221; global_colors_info=&#8221;{}&#8221;][dsm_image_accordion_child image_accordion_src=&#8221;https:\/\/utculiacan.edu.mx\/wp-content\/uploads\/2023\/07\/Estudiante-tomando-notas-1024&#215;683-1.jpg&#8221; use_accordion_icon=&#8221;on&#8221; image_accordion_icon=&#8221;&#xf549;||fa||900&#8243; image_accordion_title=&#8221;Perfil de ingreso&#8221; image_accordion_desc=&#8221;El estudiante de la universidad debe resolver problemas u operaciones que implican el uso de estrategias de razonamiento matem\u00e1tico, tambi\u00e9n debe contar con la capacidad de integrar y analizar informaci\u00f3n tipo textual y gr\u00e1fica, comprendiendo as\u00ed, relaciones l\u00f3gicas y de patrones, As\u00ed mismo comprender textos de mediana complejidad. Con un inter\u00e9s deseable por el cuidado del medio ambiente y los recursos energ\u00e9ticos.<br \/>\nBachillerato concluido.&#8221; overlay_color=&#8221;rgba(0,0,0,0.4)&#8221; image_accordion_desc_last_edited=&#8221;off|desktop&#8221; _builder_version=&#8221;4.21.0&#8243; _module_preset=&#8221;default&#8221; desc_text_color=&#8221;#FFFFFF&#8221; background_enable_color=&#8221;off&#8221; global_colors_info=&#8221;{}&#8221;][\/dsm_image_accordion_child][dsm_image_accordion_child image_accordion_src=&#8221;https:\/\/utculiacan.edu.mx\/wp-content\/uploads\/2023\/07\/mortar-board-graduation-diploma-1024&#215;668-1.jpg&#8221; use_accordion_icon=&#8221;on&#8221; image_accordion_icon=&#8221;&#xf19d;||fa||900&#8243; image_accordion_title=&#8221;Objetivos eduacionales&#8221; image_accordion_desc=&#8221;Ser\u00e1n emprendedores y generar\u00e1n soluciones en el campo de los sistemas automotrices, promoviendo la eficiencia y optimizaci\u00f3n de los recursos vehiculares y respetando las normativas y est\u00e1ndares de seguridad, con el fin de generar mejoras en el rendimiento y la funcionalidad de los veh\u00edculos.<br \/>\nSer\u00e1n lideres en equipos de trabajo nacionales y tomar\u00e1n decisiones estrat\u00e9gicas sobre la implementaci\u00f3n de soluciones sostenibles y seguras en la gesti\u00f3n y mantenimiento de veh\u00edculos, con un enfoque en la seguridad y satisfacci\u00f3n del conductor y los usuarios.<br \/>\nRealizar\u00e1n logros profesionales relevantes acordes con sus actividades profesionales (en la industria o la academia), contribuyendo al desarrollo y aplicaci\u00f3n de soluciones innovadoras en la eficiencia, seguridad y funcionalidad de los veh\u00edculos, tanto en la industria automotriz como en la tecnolog\u00eda de transporte.&#8221; overlay_color=&#8221;rgba(0,0,0,0.4)&#8221; _builder_version=&#8221;4.21.0&#8243; _module_preset=&#8221;default&#8221; background_enable_color=&#8221;off&#8221; global_colors_info=&#8221;{}&#8221;][\/dsm_image_accordion_child][dsm_image_accordion_child image_accordion_src=&#8221;https:\/\/utculiacan.edu.mx\/wp-content\/uploads\/2022\/01\/TALLER2.jpg&#8221; use_accordion_icon=&#8221;on&#8221; image_accordion_icon=&#8221;&#xf0b1;||fa||900&#8243; image_accordion_title=&#8221;Ocupaciones profesionales&#8221; image_accordion_desc=&#8221;\u2022 Supervisor de hojalater\u00eda y pintura<br \/>\n\u2022 Supervisor de calidad<br \/>\n\u2022 Supervisor de seguridad en el trabajo<br \/>\n\u2022 Coordinador en mantenimiento automotriz<br \/>\n\u2022 Supervisor en metrolog\u00eda<br \/>\n\u2022 Supervisor de Log\u00edstica de materiales&#8221; overlay_color=&#8221;rgba(0,0,0,0.4)&#8221; _builder_version=&#8221;4.21.0&#8243; _module_preset=&#8221;default&#8221; background_enable_color=&#8221;off&#8221; global_colors_info=&#8221;{}&#8221;][\/dsm_image_accordion_child][\/dsm_image_accordion][\/et_pb_column][\/et_pb_row][\/et_pb_section][et_pb_section fb_built=&#8221;1&#8243; _builder_version=&#8221;4.21.0&#8243; _module_preset=&#8221;default&#8221; custom_padding=&#8221;31px|||||&#8221; collapsed=&#8221;off&#8221; global_colors_info=&#8221;{}&#8221;][et_pb_row _builder_version=&#8221;4.21.0&#8243; _module_preset=&#8221;default&#8221; width=&#8221;95%&#8221; max_width=&#8221;1920px&#8221; custom_margin=&#8221;0px|auto|0px|auto|false|false&#8221; custom_padding=&#8221;0px||0px||false|false&#8221; global_colors_info=&#8221;{}&#8221;][et_pb_column type=&#8221;4_4&#8243; _builder_version=&#8221;4.21.0&#8243; _module_preset=&#8221;default&#8221; global_colors_info=&#8221;{}&#8221;][dsm_block_reveal_text block_reveal_text=&#8221;Opci\u00f3n Educativa BIS&#8221; _builder_version=&#8221;4.21.0&#8243; _module_preset=&#8221;default&#8221; header_font_size=&#8221;2rem&#8221; header_line_height=&#8221;1.1em&#8221; custom_margin=&#8221;||16px|||&#8221; locked=&#8221;off&#8221; global_colors_info=&#8221;{}&#8221;][\/dsm_block_reveal_text][\/et_pb_column][\/et_pb_row][et_pb_row _builder_version=&#8221;4.21.0&#8243; _module_preset=&#8221;default&#8221; width=&#8221;95%&#8221; max_width=&#8221;1920px&#8221; custom_margin=&#8221;0px|auto|0px|auto|false|false&#8221; custom_padding=&#8221;0px||0px||false|false&#8221; global_colors_info=&#8221;{}&#8221;][et_pb_column type=&#8221;4_4&#8243; _builder_version=&#8221;4.21.0&#8243; _module_preset=&#8221;default&#8221; global_colors_info=&#8221;{}&#8221;][dsm_block_reveal_text block_reveal_text=&#8221;La opci\u00f3n educativa BIS ofrecida en la Universidad Tecnol\u00f3gica de Culiac\u00e1n es una propuesta innovadora que combina tres pilares fundamentales para la formaci\u00f3n integral de los estudiantes: Biling\u00fce, Internacional y Sustentable.&#8221; heading_html_tag=&#8221;p&#8221; _builder_version=&#8221;4.21.0&#8243; _module_preset=&#8221;default&#8221; header_font_size=&#8221;1rem&#8221; custom_margin=&#8221;||16px|||&#8221; locked=&#8221;off&#8221; global_colors_info=&#8221;{}&#8221;][\/dsm_block_reveal_text][\/et_pb_column][\/et_pb_row][et_pb_row column_structure=&#8221;1_3,1_3,1_3&#8243; _builder_version=&#8221;4.21.0&#8243; _module_preset=&#8221;default&#8221; width=&#8221;95%&#8221; max_width=&#8221;1920px&#8221; animation_style=&#8221;fade&#8221; animation_direction=&#8221;left&#8221; animation_duration=&#8221;500ms&#8221; global_colors_info=&#8221;{}&#8221;][et_pb_column type=&#8221;1_3&#8243; _builder_version=&#8221;4.21.0&#8243; _module_preset=&#8221;default&#8221; global_colors_info=&#8221;{}&#8221;][dsm_image_reveal reveal_text=&#8221;Se enfoca en proporcionar a los estudiantes una educaci\u00f3n en la que el dominio de dos idiomas (principalmente ingl\u00e9s y espa\u00f1ol) sea una prioridad. A trav\u00e9s de un enfoque comunicativo, se busca desarrollar habilidades ling\u00fc\u00edsticas s\u00f3lidas que permitan a los estudiantes interactuar de manera efectiva en un entorno globalizado.&#8221; src=&#8221;https:\/\/utculiacan.edu.mx\/wp-content\/uploads\/2023\/07\/Modelo-Bilingue-1024&#215;576-2.jpg&#8221; alt=&#8221;Tarjeta modelo biling\u00fce&#8221; title_text=&#8221;Modelo Bilingue&#8221; reveal_text_animation=&#8221;pulse&#8221; _builder_version=&#8221;4.21.0&#8243; _module_preset=&#8221;default&#8221; reveal_text_font=&#8221;||||||||&#8221; border_radii=&#8221;on|3px|3px|3px|3px&#8221; global_colors_info=&#8221;{}&#8221;][\/dsm_image_reveal][\/et_pb_column][et_pb_column type=&#8221;1_3&#8243; _builder_version=&#8221;4.21.0&#8243; _module_preset=&#8221;default&#8221; global_colors_info=&#8221;{}&#8221;][dsm_image_reveal reveal_text=&#8221;Fomenta una perspectiva global en el aprendizaje, brindando a los estudiantes la oportunidad de explorar diferentes culturas, tradiciones y contextos internacionales. Esto se logra mediante la participaci\u00f3n en programas de intercambio, colaboraciones acad\u00e9micas con instituciones extranjeras y la incorporaci\u00f3n de contenidos internacionales en los planes de estudio.&#8221; src=&#8221;https:\/\/utculiacan.edu.mx\/wp-content\/uploads\/2023\/07\/Modelo-Internacional-1024&#215;573-1.png&#8221; alt=&#8221;Tarjeta modelo Internacional&#8221; title_text=&#8221;Modelo Internacional&#8221; reveal_text_animation=&#8221;pulse&#8221; _builder_version=&#8221;4.21.0&#8243; _module_preset=&#8221;default&#8221; border_radii=&#8221;on|4px|4px|4px|4px&#8221; global_colors_info=&#8221;{}&#8221;][\/dsm_image_reveal][\/et_pb_column][et_pb_column type=&#8221;1_3&#8243; _builder_version=&#8221;4.21.0&#8243; _module_preset=&#8221;default&#8221; global_colors_info=&#8221;{}&#8221;][dsm_image_reveal reveal_text=&#8221;Busca promover la conciencia y responsabilidad ambiental en los estudiantes. A trav\u00e9s de programas y pr\u00e1cticas educativas sustentables, se fomenta la adopci\u00f3n de h\u00e1bitos ecol\u00f3gicos y el desarrollo de soluciones innovadoras que aborden los desaf\u00edos ambientales actuales.&#8221; src=&#8221;https:\/\/utculiacan.edu.mx\/wp-content\/uploads\/2023\/07\/Modelo-Sustentable-1-1024&#215;574-1.png&#8221; alt=&#8221;Tarjeta modelo sustentable&#8221; title_text=&#8221;Modelo Sustentable&#8221; reveal_text_animation=&#8221;pulse&#8221; _builder_version=&#8221;4.21.0&#8243; _module_preset=&#8221;default&#8221; border_radii=&#8221;on|4px|4px|4px|4px&#8221; global_colors_info=&#8221;{}&#8221;][\/dsm_image_reveal][\/et_pb_column][\/et_pb_row][\/et_pb_section][et_pb_section fb_built=&#8221;1&#8243; _builder_version=&#8221;4.21.0&#8243; _module_preset=&#8221;default&#8221; custom_margin=&#8221;-50px|||||&#8221; global_colors_info=&#8221;{}&#8221;][et_pb_row _builder_version=&#8221;4.21.0&#8243; _module_preset=&#8221;default&#8221; global_colors_info=&#8221;{}&#8221;][et_pb_column type=&#8221;4_4&#8243; _builder_version=&#8221;4.21.0&#8243; _module_preset=&#8221;default&#8221; global_colors_info=&#8221;{}&#8221;][dsm_image_hotspots src=&#8221;https:\/\/utculiacan.edu.mx\/wp-content\/uploads\/2023\/07\/Modelo-educativo-UTC.png&#8221; alt=&#8221;Diagrama modelo educativo de la Universidad Tecnol\u00f3gica de Culiac\u00e1n&#8221; title_text=&#8221;Modelo educativo UTC&#8221; _builder_version=&#8221;4.21.0&#8243; _module_preset=&#8221;default&#8221; animation_style=&#8221;fade&#8221; animation_delay=&#8221;500ms&#8221; global_colors_info=&#8221;{}&#8221;][dsm_image_hotspots_child font_icon=&#8221;&#x5b;||divi||400&#8243; icon_color=&#8221;#000000&#8243; left_position=&#8221;19%&#8221; top_position=&#8221;76%&#8221; pulse_animation=&#8221;on&#8221; pulse_background_color=&#8221;#969696&#8243; left_position_tablet=&#8221;18%&#8221; left_position_phone=&#8221;16%&#8221; left_position_last_edited=&#8221;on|phone&#8221; top_position_tablet=&#8221;76%&#8221; top_position_phone=&#8221;72%&#8221; top_position_last_edited=&#8221;on|phone&#8221; _builder_version=&#8221;4.21.0&#8243; _module_preset=&#8221;default&#8221; global_colors_info=&#8221;{}&#8221;]\n<p>Para ingresar a la UTC, no es necesario manejar el idioma ingl\u00e9s previamente. Durante el primer cuatrimestre de inmersi\u00f3n adquirir\u00e1s las habilidades b\u00e1sicas necesarias con este curso intensivo de 525 horas.<\/p>\n[\/dsm_image_hotspots_child][dsm_image_hotspots_child font_icon=&#8221;&#x5b;||divi||400&#8243; icon_color=&#8221;#000000&#8243; top_position=&#8221;81%&#8221; pulse_animation=&#8221;on&#8221; pulse_background_color=&#8221;#969696&#8243; left_position_tablet=&#8221;37%&#8221; left_position_phone=&#8221;35%&#8221; left_position_last_edited=&#8221;on|tablet&#8221; top_position_tablet=&#8221;77%&#8221; top_position_phone=&#8221;76%&#8221; top_position_last_edited=&#8221;on|desktop&#8221; _builder_version=&#8221;4.21.0&#8243; _module_preset=&#8221;default&#8221; global_colors_info=&#8221;{}&#8221;]\n<p>Tu exposici\u00f3n a las materias de especialidad en el idioma ingl\u00e9s, comienzan de forma gradual para facilitar la adaptaci\u00f3n al modelo.<\/p>\n[\/dsm_image_hotspots_child][dsm_image_hotspots_child font_icon=&#8221;&#x5b;||divi||400&#8243; icon_color=&#8221;#000000&#8243; left_position=&#8221;70%&#8221; top_position=&#8221;82%&#8221; pulse_animation=&#8221;on&#8221; pulse_background_color=&#8221;#969696&#8243; left_position_tablet=&#8221;70%&#8221; left_position_phone=&#8221;70%&#8221; left_position_last_edited=&#8221;on|phone&#8221; top_position_tablet=&#8221;83%&#8221; top_position_phone=&#8221;77%&#8221; top_position_last_edited=&#8221;on|tablet&#8221; _builder_version=&#8221;4.21.0&#8243; _module_preset=&#8221;default&#8221; global_colors_info=&#8221;{}&#8221;]\n<p>Tu \u00faltimo cuatrimestre antes de graduar, ser\u00e1 un periodo de estad\u00edas profesionales donde asistes a tu empresa tiempo completo.<\/p>\n[\/dsm_image_hotspots_child][\/dsm_image_hotspots][\/et_pb_column][\/et_pb_row][\/et_pb_section][et_pb_section fb_built=&#8221;1&#8243; _builder_version=&#8221;4.21.0&#8243; _module_preset=&#8221;default&#8221; global_colors_info=&#8221;{}&#8221;][et_pb_row _builder_version=&#8221;4.21.0&#8243; _module_preset=&#8221;default&#8221; width=&#8221;95%&#8221; max_width=&#8221;1920px&#8221; custom_margin=&#8221;0px|auto|0px|auto|false|false&#8221; custom_padding=&#8221;0px||0px||false|false&#8221; global_colors_info=&#8221;{}&#8221;][et_pb_column type=&#8221;4_4&#8243; _builder_version=&#8221;4.21.0&#8243; _module_preset=&#8221;default&#8221; global_colors_info=&#8221;{}&#8221;][dsm_block_reveal_text block_reveal_text=&#8221;Plan de estudios&#8221; _builder_version=&#8221;4.21.0&#8243; _module_preset=&#8221;default&#8221; header_font_size=&#8221;2rem&#8221; header_line_height=&#8221;1.1em&#8221; custom_margin=&#8221;||16px|||&#8221; locked=&#8221;off&#8221; global_colors_info=&#8221;{}&#8221;][\/dsm_block_reveal_text][\/et_pb_column][\/et_pb_row][et_pb_row column_structure=&#8221;1_4,1_4,1_4,1_4&#8243; _builder_version=&#8221;4.21.0&#8243; _module_preset=&#8221;default&#8221; width=&#8221;95%&#8221; max_width=&#8221;100vw&#8221; global_colors_info=&#8221;{}&#8221;][et_pb_column type=&#8221;1_4&#8243; _builder_version=&#8221;4.21.0&#8243; _module_preset=&#8221;default&#8221; global_colors_info=&#8221;{}&#8221;][dsm_block_reveal_text block_reveal_text=&#8221;Cuatrimestre de inmersi\u00f3n&#8221; _builder_version=&#8221;4.21.0&#8243; _module_preset=&#8221;default&#8221; custom_margin=&#8221;||10px|||&#8221; global_colors_info=&#8221;{}&#8221;][\/dsm_block_reveal_text][et_pb_text _builder_version=&#8221;4.21.0&#8243; _module_preset=&#8221;default&#8221; animation_style=&#8221;fade&#8221; animation_direction=&#8221;left&#8221; animation_delay=&#8221;1000ms&#8221; global_colors_info=&#8221;{}&#8221;]\n<p>Introducci\u00f3n a la lengua Inglesa<br \/>\u2022 Grammar<br \/>\u2022 Reading<br \/>\u2022 Listening<br \/>\u2022 Speaking<br \/>\u2022 Writing<br \/>\u2022 Vocabulary<\/p>\n[\/et_pb_text][\/et_pb_column][et_pb_column type=&#8221;1_4&#8243; _builder_version=&#8221;4.21.0&#8243; _module_preset=&#8221;default&#8221; global_colors_info=&#8221;{}&#8221;][dsm_block_reveal_text block_reveal_text=&#8221;Primer cuatrimestre&#8221; _builder_version=&#8221;4.21.0&#8243; _module_preset=&#8221;default&#8221; custom_margin=&#8221;||14px|||&#8221; global_colors_info=&#8221;{}&#8221;][\/dsm_block_reveal_text][et_pb_text _builder_version=&#8221;4.21.0&#8243; _module_preset=&#8221;default&#8221; animation_style=&#8221;fade&#8221; animation_direction=&#8221;left&#8221; animation_delay=&#8221;1000ms&#8221; global_colors_info=&#8221;{}&#8221;]\n<p>\u2022 \u00c1lgebra lineal<br \/>\u2022 Qu\u00edmica<br \/>\u2022 Antecedentes de la industria automotriz<br \/>\u2022 Metrolog\u00eda dimensional automotriz<br \/>\u2022 Seguridad y salud en el trabajo<br \/>\u2022 Ingl\u00e9s I<br \/>\u2022 Expresi\u00f3n oral y escrita I<br \/>\u2022 Formaci\u00f3n sociocultural I<\/p>\n[\/et_pb_text][\/et_pb_column][et_pb_column type=&#8221;1_4&#8243; _builder_version=&#8221;4.21.0&#8243; _module_preset=&#8221;default&#8221; global_colors_info=&#8221;{}&#8221;][dsm_block_reveal_text block_reveal_text=&#8221;Segundo cuatrimestre&#8221; _builder_version=&#8221;4.21.0&#8243; _module_preset=&#8221;default&#8221; header_line_height=&#8221;1.1em&#8221; custom_margin=&#8221;||11px|||&#8221; global_colors_info=&#8221;{}&#8221;][\/dsm_block_reveal_text][et_pb_text _builder_version=&#8221;4.21.0&#8243; _module_preset=&#8221;default&#8221; animation_style=&#8221;fade&#8221; animation_delay=&#8221;1000ms&#8221; global_colors_info=&#8221;{}&#8221;]\n<p>\u2022 Funciones matem\u00e1ticas<br \/>\u2022 Probabilidad y estad\u00edstica<br \/>\u2022 Estructura y propiedades de los materiales<br \/>\u2022 Procesos de estampado y hojalater\u00eda automotriz<br \/>\u2022 Tecnolog\u00edas digitales<br \/>\u2022 Dise\u00f1o asistido por computadora<br \/>\u2022 Ingl\u00e9s II<br \/>\u2022 Formaci\u00f3n Sociocultural II<\/p>\n[\/et_pb_text][\/et_pb_column][et_pb_column type=&#8221;1_4&#8243; _builder_version=&#8221;4.21.0&#8243; _module_preset=&#8221;default&#8221; global_colors_info=&#8221;{}&#8221;][dsm_block_reveal_text block_reveal_text=&#8221;Tercer cuatrimestre&#8221; _builder_version=&#8221;4.21.0&#8243; _module_preset=&#8221;default&#8221; custom_margin=&#8221;||11px|||&#8221; global_colors_info=&#8221;{}&#8221;][\/dsm_block_reveal_text][et_pb_text _builder_version=&#8221;4.21.0&#8243; _module_preset=&#8221;default&#8221; animation_style=&#8221;fade&#8221; animation_delay=&#8221;1000ms&#8221; global_colors_info=&#8221;{}&#8221;]\n<p>\u2022 C\u00e1lculo diferencial<br \/>\u2022 Termodin\u00e1mica<br \/>\u2022 Electricidad y magnetismo<br \/>\u2022 F\u00edsica<br \/>\u2022 Sistema motriz<br \/>\u2022 Administraci\u00f3n de proyectos<br \/>\u2022 Calidad<br \/>\u2022 Ingl\u00e9s III<br \/>\u2022 Formaci\u00f3n sociocultural III<\/p>\n[\/et_pb_text][\/et_pb_column][\/et_pb_row][et_pb_row column_structure=&#8221;1_4,1_4,1_4,1_4&#8243; _builder_version=&#8221;4.21.0&#8243; _module_preset=&#8221;default&#8221; width=&#8221;95%&#8221; max_width=&#8221;100vw&#8221; global_colors_info=&#8221;{}&#8221;][et_pb_column type=&#8221;1_4&#8243; _builder_version=&#8221;4.21.0&#8243; _module_preset=&#8221;default&#8221; global_colors_info=&#8221;{}&#8221;][dsm_block_reveal_text block_reveal_text=&#8221;Cuarto cuatrimestre&#8221; _builder_version=&#8221;4.21.0&#8243; _module_preset=&#8221;default&#8221; custom_margin=&#8221;||10px|||&#8221; global_colors_info=&#8221;{}&#8221;][\/dsm_block_reveal_text][et_pb_text _builder_version=&#8221;4.21.0&#8243; _module_preset=&#8221;default&#8221; animation_style=&#8221;fade&#8221; animation_direction=&#8221;left&#8221; animation_delay=&#8221;1000ms&#8221; global_colors_info=&#8221;{}&#8221;]\n<p>\u2022 C\u00e1lculo integral<br \/>\u2022 Automoci\u00f3n<br \/>\u2022 Integradora I<br \/>\u2022 Procesos de montaje automotriz<br \/>\u2022 Servicio posventa<br \/>\u2022 Sistemas embebidos automotrices<br \/>\u2022 Ingl\u00e9s IV<br \/>\u2022 Formaci\u00f3n sociocultural IV<\/p>\n[\/et_pb_text][\/et_pb_column][et_pb_column type=&#8221;1_4&#8243; _builder_version=&#8221;4.21.0&#8243; _module_preset=&#8221;default&#8221; global_colors_info=&#8221;{}&#8221;][dsm_block_reveal_text block_reveal_text=&#8221;Quinto cuatrimestre&#8221; _builder_version=&#8221;4.21.0&#8243; _module_preset=&#8221;default&#8221; header_line_height=&#8221;1.1em&#8221; custom_margin=&#8221;||14px|||&#8221; global_colors_info=&#8221;{}&#8221;][\/dsm_block_reveal_text][et_pb_text _builder_version=&#8221;4.21.0&#8243; _module_preset=&#8221;default&#8221; animation_style=&#8221;fade&#8221; animation_direction=&#8221;left&#8221; animation_delay=&#8221;1000ms&#8221; global_colors_info=&#8221;{}&#8221;]\n<p>\u2022 Sistemas el\u00e9ctricos y electr\u00f3nicos automotriz<br \/>\u2022 Pruebas din\u00e1micas a veh\u00edculos automotores<br \/>\u2022 Integradora II<br \/>\u2022 Manufactura esbelta<br \/>\u2022 Proceso de pintura automotriz<br \/>\u2022 Ingl\u00e9s V<br \/>\u2022 Expresi\u00f3n oral y escrita II<\/p>\n[\/et_pb_text][\/et_pb_column][et_pb_column type=&#8221;1_4&#8243; _builder_version=&#8221;4.21.0&#8243; _module_preset=&#8221;default&#8221; global_colors_info=&#8221;{}&#8221;][dsm_block_reveal_text block_reveal_text=&#8221;Sexto cuatrimestre&#8221; _builder_version=&#8221;4.21.0&#8243; _module_preset=&#8221;default&#8221; custom_margin=&#8221;||11px|||&#8221; global_colors_info=&#8221;{}&#8221;][\/dsm_block_reveal_text][et_pb_text _builder_version=&#8221;4.21.0&#8243; _module_preset=&#8221;default&#8221; animation_style=&#8221;fade&#8221; animation_delay=&#8221;1000ms&#8221; global_colors_info=&#8221;{}&#8221;]\n<p>\u2022 Estad\u00eda profesional<\/p>\n[\/et_pb_text][\/et_pb_column][et_pb_column type=&#8221;1_4&#8243; _builder_version=&#8221;4.21.0&#8243; _module_preset=&#8221;default&#8221; global_colors_info=&#8221;{}&#8221;][dsm_block_reveal_text block_reveal_text=&#8221; &#8221; _builder_version=&#8221;4.21.0&#8243; _module_preset=&#8221;default&#8221; custom_margin=&#8221;||11px|||&#8221; global_colors_info=&#8221;{}&#8221;][\/dsm_block_reveal_text][et_pb_text _builder_version=&#8221;4.21.0&#8243; _module_preset=&#8221;default&#8221; custom_padding=&#8221;||0px|||&#8221; animation_style=&#8221;fade&#8221; animation_delay=&#8221;1000ms&#8221; global_colors_info=&#8221;{}&#8221;][\/et_pb_text][\/et_pb_column][\/et_pb_row][\/et_pb_section][et_pb_section fb_built=&#8221;1&#8243; fullwidth=&#8221;on&#8221; _builder_version=&#8221;4.21.0&#8243; _module_preset=&#8221;default&#8221; global_colors_info=&#8221;{}&#8221;][et_pb_fullwidth_slider show_image_video_mobile=&#8221;on&#8221; _builder_version=&#8221;4.21.0&#8243; _module_preset=&#8221;default&#8221; header_level=&#8221;h3&#8243; background_color=&#8221;#00b094&#8243; width=&#8221;100%&#8221; max_width=&#8221;100vw&#8221; content_width=&#8221;100%&#8221; content_max_width=&#8221;100vw&#8221; animation_style=&#8221;fade&#8221; animation_delay=&#8221;500ms&#8221; global_colors_info=&#8221;{}&#8221;][et_pb_slide heading=&#8221;Demo Day&#8221; image=&#8221;https:\/\/utculiacan.edu.mx\/wp-content\/uploads\/2023\/08\/DemoDay-Automotriz-1024&#215;683.jpg&#8221; _builder_version=&#8221;4.21.0&#8243; _module_preset=&#8221;default&#8221; border_radii_image=&#8221;on|3px|3px|3px|3px&#8221; global_colors_info=&#8221;{}&#8221; sticky_transition=&#8221;on&#8221;]\n<div dir=\"auto\">\n<p>Los alumnos de los grupos 1 y 4 de la carrera de sistemas automotrices, dieron una demostraci\u00f3n que consisti\u00f3 en las explicaciones que dieron los muchachos a trav\u00e9s de los conocimientos adquiridos en el uso de herramientas electr\u00f3nicas para el diagn\u00f3stico y reparaci\u00f3n automotriz tambi\u00e9n a trav\u00e9s de un motor demo, explicando el funcionamiento interno del motor con un elemento did\u00e1ctico, demostramos tambi\u00e9n las habilidades adquiridas en el ramo de la est\u00e9tica Automotriz al presentar el trabajo finalizado de pintura y carrocer\u00eda de una unidad.<\/p>\n<\/div>\n[\/et_pb_slide][et_pb_slide heading=&#8221;Visita empresarial Coppel&#8221; image=&#8221;https:\/\/utculiacan.edu.mx\/wp-content\/uploads\/2023\/08\/VisitaCoppel-1024&#215;497.jpg&#8221; _builder_version=&#8221;4.21.0&#8243; _module_preset=&#8221;default&#8221; border_radii_image=&#8221;on|3px|3px|3px|3px&#8221; global_colors_info=&#8221;{}&#8221; sticky_transition=&#8221;on&#8221;]\n<p>Alumnos de los grupos 1 y 4 visitaron el taller de mantenimiento preventivo y predictivo en las instalaciones de la empresa Coppel, la intenci\u00f3n de la visita es conocer el funcionamiento de una unidad motriz desde su operaci\u00f3n hasta su manejo administrativo, pasando por todos los criterios que se utilizan para seleccionar marcas y modelos de refacciones. Conocer cu\u00e1les son los par\u00e1metros y los elementos que determinan que una reparaci\u00f3n se lleve a cabo en ese lugar o se torna a terceros. Tambi\u00e9n conocer qu\u00e9 tipo de capacitaciones cuenta al personal que all\u00ed labora. Y de forma m\u00e1s general ver un motor desarmado para conocer todos sus elementos, tambi\u00e9n se aprovech\u00f3 para hablar un poco acerca de las normas que rigen, los est\u00e1ndares de operaci\u00f3n y calidad en el mantenimiento automotriz y con los par\u00e1metros administrativos que determinan el costo beneficio.<\/p>\n[\/et_pb_slide][\/et_pb_fullwidth_slider][\/et_pb_section][et_pb_section fb_built=&#8221;1&#8243; _builder_version=&#8221;4.21.0&#8243; _module_preset=&#8221;default&#8221; custom_padding=&#8221;||7px|||&#8221; global_colors_info=&#8221;{}&#8221;][et_pb_row _builder_version=&#8221;4.21.0&#8243; _module_preset=&#8221;default&#8221; global_colors_info=&#8221;{}&#8221;][et_pb_column type=&#8221;4_4&#8243; _builder_version=&#8221;4.21.0&#8243; _module_preset=&#8221;default&#8221; global_colors_info=&#8221;{}&#8221;][et_pb_button button_url=&#8221;https:\/\/sce.utculiacan.edu.mx\/preins\/&#8221; url_new_window=&#8221;on&#8221; button_text=&#8221;Preinscripciones&#8221; button_alignment=&#8221;center&#8221; _builder_version=&#8221;4.21.0&#8243; _module_preset=&#8221;default&#8221; custom_button=&#8221;on&#8221; button_text_color=&#8221;#000000&#8243; global_colors_info=&#8221;{}&#8221;][\/et_pb_button][\/et_pb_column][\/et_pb_row][et_pb_row _builder_version=&#8221;4.21.0&#8243; _module_preset=&#8221;default&#8221; global_colors_info=&#8221;{}&#8221;][et_pb_column type=&#8221;4_4&#8243; _builder_version=&#8221;4.21.0&#8243; _module_preset=&#8221;default&#8221; global_colors_info=&#8221;{}&#8221;][et_pb_divider color=&#8221;#000000&#8243; _builder_version=&#8221;4.21.0&#8243; _module_preset=&#8221;default&#8221; global_colors_info=&#8221;{}&#8221;][\/et_pb_divider][\/et_pb_column][\/et_pb_row][\/et_pb_section][et_pb_section fb_built=&#8221;1&#8243; _builder_version=&#8221;4.21.0&#8243; _module_preset=&#8221;default&#8221; custom_padding=&#8221;2px|||||&#8221; global_colors_info=&#8221;{}&#8221;][et_pb_row _builder_version=&#8221;4.21.0&#8243; _module_preset=&#8221;default&#8221; width=&#8221;95%&#8221; max_width=&#8221;1920px&#8221; custom_margin=&#8221;0px|auto|0px|auto|false|false&#8221; custom_padding=&#8221;0px||0px||false|false&#8221; global_colors_info=&#8221;{}&#8221;][et_pb_column type=&#8221;4_4&#8243; _builder_version=&#8221;4.21.0&#8243; _module_preset=&#8221;default&#8221; global_colors_info=&#8221;{}&#8221;][dsm_block_reveal_text block_reveal_text=&#8221;\u00bfInteresado? D\u00e9janos tus datos&#8221; _builder_version=&#8221;4.21.0&#8243; _module_preset=&#8221;default&#8221; header_font_size=&#8221;2rem&#8221; header_line_height=&#8221;1.1em&#8221; custom_margin=&#8221;||16px|||&#8221; locked=&#8221;off&#8221; global_colors_info=&#8221;{}&#8221;][\/dsm_block_reveal_text][\/et_pb_column][\/et_pb_row][et_pb_row _builder_version=&#8221;4.21.0&#8243; _module_preset=&#8221;default&#8221; width=&#8221;95%&#8221; max_width=&#8221;100vw&#8221; global_colors_info=&#8221;{}&#8221;][et_pb_column type=&#8221;4_4&#8243; _builder_version=&#8221;4.21.0&#8243; _module_preset=&#8221;default&#8221; global_colors_info=&#8221;{}&#8221;][wpforms_selector form_id=&#8221;17261&#8243; _builder_version=&#8221;4.21.0&#8243; _module_preset=&#8221;default&#8221; global_colors_info=&#8221;{}&#8221;][\/wpforms_selector][\/et_pb_column][\/et_pb_row][\/et_pb_section]\n","protected":false},"excerpt":{"rendered":"<p><div class=\"et_pb_module dsm_block_reveal_text dsm_block_reveal_text_0\">\n\t\t\t\t\n\t\t\t\t\n\t\t\t\t\n\t\t\t\t\n\t\t\t\t\n\t\t\t\t\n\t\t\t\t<div class=\"et_pb_module_inner\">\n\t\t\t\t\t<div class=\"dsm_block_reveal_text_wrapper\" data-dsm-block-reveal-text=[{\"animation\":\"lr\",\"color\":\"#ffffff\",\"delay\":\"0.1\",\"viewport\":\"80%\"}]><h2 class=\"dsm_block_reveal_text_header et_pb_module_header\">Campo laboral<\/h2><\/div>\n\t\t\t\t<\/div>\n\t\t\t<\/div><div class=\"et_pb_module dsm_block_reveal_text dsm_block_reveal_text_1\">\n\t\t\t\t\n\t\t\t\t\n\t\t\t\t\n\t\t\t\t\n\t\t\t\t\n\t\t\t\t\n\t\t\t\t<div class=\"et_pb_module_inner\">\n\t\t\t\t\t<div class=\"dsm_block_reveal_text_wrapper\" data-dsm-block-reveal-text=[{\"animation\":\"lr\",\"color\":\"#ffffff\",\"delay\":\"0.1\",\"viewport\":\"80%\"}]><p class=\"dsm_block_reveal_text_header et_pb_module_header\">\u2022 Empresas del sector industrial automotriz<\/p><\/div>\n\t\t\t\t<\/div>\n\t\t\t<\/div><div class=\"et_pb_module dsm_block_reveal_text dsm_block_reveal_text_2\">\n\t\t\t\t\n\t\t\t\t\n\t\t\t\t\n\t\t\t\t\n\t\t\t\t\n\t\t\t\t\n\t\t\t\t<div class=\"et_pb_module_inner\">\n\t\t\t\t\t<div class=\"dsm_block_reveal_text_wrapper\" data-dsm-block-reveal-text=[{\"animation\":\"lr\",\"color\":\"#ffffff\",\"delay\":\"0.1\",\"viewport\":\"80%\"}]><p class=\"dsm_block_reveal_text_header et_pb_module_header\">\u2022 Empresas del sector industrial de autopartes<\/p><\/div>\n\t\t\t\t<\/div>\n\t\t\t<\/div><div class=\"et_pb_module dsm_block_reveal_text dsm_block_reveal_text_3\">\n\t\t\t\t\n\t\t\t\t\n\t\t\t\t\n\t\t\t\t\n\t\t\t\t\n\t\t\t\t\n\t\t\t\t<div class=\"et_pb_module_inner\">\n\t\t\t\t\t<div class=\"dsm_block_reveal_text_wrapper\" data-dsm-block-reveal-text=[{\"animation\":\"lr\",\"color\":\"#ffffff\",\"delay\":\"0.1\",\"viewport\":\"80%\"}]><p class=\"dsm_block_reveal_text_header et_pb_module_header\">\u2022 Empresas del sector industrial en pinturas automotriz<\/p><\/div>\n\t\t\t\t<\/div>\n\t\t\t<\/div><div class=\"et_pb_module dsm_block_reveal_text dsm_block_reveal_text_4\">\n\t\t\t\t\n\t\t\t\t\n\t\t\t\t\n\t\t\t\t\n\t\t\t\t\n\t\t\t\t\n\t\t\t\t<div class=\"et_pb_module_inner\">\n\t\t\t\t\t<div class=\"dsm_block_reveal_text_wrapper\" data-dsm-block-reveal-text=[{\"animation\":\"lr\",\"color\":\"#ffffff\",\"delay\":\"0.1\",\"viewport\":\"80%\"}]><&#8221;p&#8221; class=\"dsm_block_reveal_text_header et_pb_module_header\">&#8221;\u2022<\/&#8221;p&#8221;><\/div>\n\t\t\t\t<\/div>\n\t\t\t<\/div><\/p>\n","protected":false},"author":29,"featured_media":0,"parent":0,"menu_order":0,"comment_status":"closed","ping_status":"closed","template":"","meta":{"_et_pb_use_builder":"on","_et_pb_old_content":"","_et_gb_content_width":"","_monsterinsights_skip_tracking":false,"_monsterinsights_sitenote_active":false,"_monsterinsights_sitenote_note":"","_monsterinsights_sitenote_category":0,"_uf_show_specific_survey":0,"_uf_disable_surveys":false,"footnotes":""},"class_list":["post-17582","page","type-page","status-publish","hentry"],"aioseo_notices":[],"_links":{"self":[{"href":"https:\/\/utculiacan.edu.mx\/en\/wp-json\/wp\/v2\/pages\/17582","targetHints":{"allow":["GET"]}}],"collection":[{"href":"https:\/\/utculiacan.edu.mx\/en\/wp-json\/wp\/v2\/pages"}],"about":[{"href":"https:\/\/utculiacan.edu.mx\/en\/wp-json\/wp\/v2\/types\/page"}],"author":[{"embeddable":true,"href":"https:\/\/utculiacan.edu.mx\/en\/wp-json\/wp\/v2\/users\/29"}],"replies":[{"embeddable":true,"href":"https:\/\/utculiacan.edu.mx\/en\/wp-json\/wp\/v2\/comments?post=17582"}],"version-history":[{"count":11,"href":"https:\/\/utculiacan.edu.mx\/en\/wp-json\/wp\/v2\/pages\/17582\/revisions"}],"predecessor-version":[{"id":20134,"href":"https:\/\/utculiacan.edu.mx\/en\/wp-json\/wp\/v2\/pages\/17582\/revisions\/20134"}],"wp:attachment":[{"href":"https:\/\/utculiacan.edu.mx\/en\/wp-json\/wp\/v2\/media?parent=17582"}],"curies":[{"name":"wp","href":"https:\/\/api.w.org\/{rel}","templated":true}]}}