{"id":17729,"date":"2023-09-27T10:39:25","date_gmt":"2023-09-27T17:39:25","guid":{"rendered":"https:\/\/utculiacan.edu.mx\/?page_id=17729"},"modified":"2023-09-27T14:04:38","modified_gmt":"2023-09-27T21:04:38","slug":"ingenieria-en-tecnologia-ambiental","status":"publish","type":"page","link":"https:\/\/utculiacan.edu.mx\/en\/ingenieria-en-tecnologia-ambiental\/","title":{"rendered":"Ingenier\u00eda en Tecnolog\u00eda  Ambiental"},"content":{"rendered":"[et_pb_section fb_built=&#8221;1&#8243; _builder_version=&#8221;4.21.0&#8243; _module_preset=&#8221;default&#8221; saved_tabs=&#8221;all&#8221; global_colors_info=&#8221;{}&#8221;][et_pb_row column_structure=&#8221;1_2,1_2&#8243; _builder_version=&#8221;4.21.0&#8243; _module_preset=&#8221;default&#8221; width=&#8221;95%&#8221; max_width=&#8221;100vw&#8221; global_colors_info=&#8221;{}&#8221;][et_pb_column type=&#8221;1_2&#8243; _builder_version=&#8221;4.21.0&#8243; _module_preset=&#8221;default&#8221; global_colors_info=&#8221;{}&#8221;][dsm_block_reveal_text block_reveal_text=&#8221;Campo laboral&#8221; _builder_version=&#8221;4.21.0&#8243; _module_preset=&#8221;default&#8221; header_font_size=&#8221;2.5rem&#8221; header_line_height=&#8221;1.1em&#8221; global_colors_info=&#8221;{}&#8221;][\/dsm_block_reveal_text][dsm_block_reveal_text block_reveal_text=&#8221;\u2022 Empresas p\u00fablicas y privadas en el \u00e1mbito ambiental y de seguridad.&#8221; heading_html_tag=&#8221;p&#8221; _builder_version=&#8221;4.22.1&#8243; _module_preset=&#8221;default&#8221; custom_margin=&#8221;||19px|||&#8221; global_colors_info=&#8221;{}&#8221;][\/dsm_block_reveal_text][dsm_block_reveal_text block_reveal_text=&#8221;\u2022 Consultor\u00edas ambientales.&#8221; heading_html_tag=&#8221;p&#8221; _builder_version=&#8221;4.22.1&#8243; _module_preset=&#8221;default&#8221; custom_margin=&#8221;||22px|||&#8221; global_colors_info=&#8221;{}&#8221;][\/dsm_block_reveal_text][dsm_block_reveal_text block_reveal_text=&#8221;\u2022 Laboratorios de an\u00e1lisis ambientales.&#8221; heading_html_tag=&#8221;p&#8221; _builder_version=&#8221;4.22.1&#8243; _module_preset=&#8221;default&#8221; custom_margin=&#8221;||20px|||&#8221; global_colors_info=&#8221;{}&#8221;][\/dsm_block_reveal_text][dsm_block_reveal_text block_reveal_text=&#8221;\u2022 Empresas gubernamentales dedicadas al cuidado y preservaci\u00f3n del ambiente.&#8221; heading_html_tag=&#8221;p&#8221; _builder_version=&#8221;4.22.1&#8243; _module_preset=&#8221;default&#8221; custom_margin=&#8221;||20px|||&#8221; global_colors_info=&#8221;{}&#8221;][\/dsm_block_reveal_text][dsm_block_reveal_text block_reveal_text=&#8221;\u2022 Empresas dedicadas al tratamiento de aguas para diferentes usos.&#8221; heading_html_tag=&#8221;p&#8221; _builder_version=&#8221;4.22.1&#8243; _module_preset=&#8221;default&#8221; custom_margin=&#8221;||20px|||&#8221; global_colors_info=&#8221;{}&#8221;][\/dsm_block_reveal_text][dsm_block_reveal_text block_reveal_text=&#8221;\u2022 Instituciones del sector salud.&#8221; heading_html_tag=&#8221;p&#8221; _builder_version=&#8221;4.22.1&#8243; _module_preset=&#8221;default&#8221; custom_margin=&#8221;||20px|||&#8221; global_colors_info=&#8221;{}&#8221;][\/dsm_block_reveal_text][\/et_pb_column][et_pb_column type=&#8221;1_2&#8243; _builder_version=&#8221;4.21.0&#8243; _module_preset=&#8221;default&#8221; global_colors_info=&#8221;{}&#8221;][et_pb_image src=&#8221;https:\/\/utculiacan.edu.mx\/wp-content\/uploads\/2023\/09\/TECNOLOGIA-AMBIENTAL.jpg&#8221; alt=&#8221;Woman working in data center&#8221; title_text=&#8221;Scientists are examining plants and doing quality control of leg&#8221; _builder_version=&#8221;4.22.1&#8243; _module_preset=&#8221;default&#8221; animation_style=&#8221;slide&#8221; animation_duration=&#8221;500ms&#8221; animation_delay=&#8221;500ms&#8221; border_radii=&#8221;on|3px|3px|3px|3px&#8221; global_colors_info=&#8221;{}&#8221;][\/et_pb_image][\/et_pb_column][\/et_pb_row][et_pb_row column_structure=&#8221;1_2,1_2&#8243; _builder_version=&#8221;4.21.0&#8243; _module_preset=&#8221;default&#8221; width=&#8221;95%&#8221; max_width=&#8221;100vw&#8221; global_colors_info=&#8221;{}&#8221;][et_pb_column type=&#8221;1_2&#8243; _builder_version=&#8221;4.21.0&#8243; _module_preset=&#8221;default&#8221; global_colors_info=&#8221;{}&#8221;][et_pb_image src=&#8221;https:\/\/utculiacan.edu.mx\/wp-content\/uploads\/2023\/09\/Laboratorio-ambiental-UTC.jpg&#8221; alt=&#8221;Laboratorio de qu\u00edmica&#8221; title_text=&#8221;Laboratorio ambiental UTC&#8221; align=&#8221;center&#8221; _builder_version=&#8221;4.22.1&#8243; _module_preset=&#8221;default&#8221; animation_style=&#8221;slide&#8221; animation_duration=&#8221;500ms&#8221; animation_delay=&#8221;500ms&#8221; border_radii=&#8221;on|3px|3px|3px|3px&#8221; global_colors_info=&#8221;{}&#8221;][\/et_pb_image][\/et_pb_column][et_pb_column type=&#8221;1_2&#8243; _builder_version=&#8221;4.21.0&#8243; _module_preset=&#8221;default&#8221; global_colors_info=&#8221;{}&#8221;][dsm_block_reveal_text block_reveal_text=&#8221;Competencias con las que contar\u00e1s al egresar&#8221; _builder_version=&#8221;4.21.0&#8243; _module_preset=&#8221;default&#8221; header_font_size=&#8221;2.5rem&#8221; header_line_height=&#8221;1.1em&#8221; custom_margin=&#8221;||16px||false|false&#8221; global_colors_info=&#8221;{}&#8221;][\/dsm_block_reveal_text][dsm_block_reveal_text block_reveal_text=&#8221;\u2022 Plantear y solucionar problemas con base en los principios y teor\u00edas de f\u00edsica, qu\u00edmica y matem\u00e1ticas, a trav\u00e9s del m\u00e9todo cient\u00edfico para sustentar la toma de decisiones en los \u00e1mbitos cient\u00edfico y tecnol\u00f3gico.&#8221; heading_html_tag=&#8221;p&#8221; _builder_version=&#8221;4.22.1&#8243; _module_preset=&#8221;default&#8221; global_colors_info=&#8221;{}&#8221;][\/dsm_block_reveal_text][dsm_block_reveal_text block_reveal_text=&#8221;\u2022 Desarrollar y fortalecer las habilidades instrumentales, interpersonales, sist\u00e9micas y directivas para comunicarse en un segundo idioma.&#8221; heading_html_tag=&#8221;p&#8221; _builder_version=&#8221;4.22.1&#8243; _module_preset=&#8221;default&#8221; custom_margin=&#8221;-13px|||||&#8221; global_colors_info=&#8221;{}&#8221;][\/dsm_block_reveal_text][dsm_block_reveal_text block_reveal_text=&#8221;\u2022 Desarrollar soluciones de prevenci\u00f3n, control, mitigaci\u00f3n y remediaci\u00f3n de impactos al ambiente, empleando herramientas tecnol\u00f3gicas y de gesti\u00f3n innovadoras que permitan optimizar el uso de los recursos disponibles con un enfoque sustentable, para ser aplicado al sector industrial de bienes y servicios, a la sociedad en general y a los tres niveles de gobierno.&#8221; heading_html_tag=&#8221;p&#8221; _builder_version=&#8221;4.22.1&#8243; _module_preset=&#8221;default&#8221; custom_margin=&#8221;-11px|||||&#8221; global_colors_info=&#8221;{}&#8221;][\/dsm_block_reveal_text][dsm_block_reveal_text block_reveal_text=&#8221;\u2022 Implementar sistemas de administraci\u00f3n ambiental y de seguridad a partir del an\u00e1lisis de la informaci\u00f3n de la organizaci\u00f3n (ambiental, social y de sus sistemas productivos), para contribuir al desarrollo sustentable de la regi\u00f3n.&#8221; heading_html_tag=&#8221;p&#8221; _builder_version=&#8221;4.22.1&#8243; _module_preset=&#8221;default&#8221; custom_margin=&#8221;-11px|||||&#8221; global_colors_info=&#8221;{}&#8221;][\/dsm_block_reveal_text][\/et_pb_column][\/et_pb_row][\/et_pb_section][et_pb_section fb_built=&#8221;1&#8243; _builder_version=&#8221;4.21.0&#8243; _module_preset=&#8221;default&#8221; global_colors_info=&#8221;{}&#8221;][et_pb_row _builder_version=&#8221;4.21.0&#8243; _module_preset=&#8221;default&#8221; width=&#8221;100%&#8221; max_width=&#8221;100vw&#8221; global_colors_info=&#8221;{}&#8221;][et_pb_column type=&#8221;4_4&#8243; _builder_version=&#8221;4.21.0&#8243; _module_preset=&#8221;default&#8221; global_colors_info=&#8221;{}&#8221;][dsm_block_reveal_text block_reveal_text=&#8221;Detalles del programa&#8221; _builder_version=&#8221;4.21.0&#8243; _module_preset=&#8221;default&#8221; header_font_size=&#8221;2.5rem&#8221; header_line_height=&#8221;1.1em&#8221; width=&#8221;95%&#8221; max_width=&#8221;100vw&#8221; module_alignment=&#8221;center&#8221; global_colors_info=&#8221;{}&#8221;][\/dsm_block_reveal_text][dsm_image_accordion _builder_version=&#8221;4.22.1&#8243; _module_preset=&#8221;default&#8221; animation_style=&#8221;fade&#8221; animation_direction=&#8221;bottom&#8221; global_colors_info=&#8221;{}&#8221;][dsm_image_accordion_child image_accordion_src=&#8221;https:\/\/utculiacan.edu.mx\/wp-content\/uploads\/2023\/09\/holds-a-test-tube-with-blue-glove_1430390.jpg&#8221; use_accordion_icon=&#8221;on&#8221; image_accordion_icon=&#8221;&#xf549;||fa||900&#8243; image_accordion_title=&#8221;Perfil de ingreso&#8221; image_accordion_desc=&#8221;El estudiante de la universidad debe resolver problemas u operaciones que implican el uso de estrategias de razonamiento matem\u00e1tico, tambi\u00e9n debe contar con la capacidad de integrar y analizar informaci\u00f3n tipo textual y gr\u00e1fica, comprendiendo as\u00ed, relaciones l\u00f3gicas y de patrones, As\u00ed mismo comprender textos de mediana complejidad. Con un inter\u00e9s deseable por el cuidado del medio ambiente y los recursos energ\u00e9ticos. Bachillerato concluido.&#8221; overlay_color=&#8221;rgba(0,0,0,0.4)&#8221; image_accordion_desc_last_edited=&#8221;off|desktop&#8221; _builder_version=&#8221;4.22.1&#8243; _module_preset=&#8221;default&#8221; desc_text_color=&#8221;#FFFFFF&#8221; background_enable_color=&#8221;off&#8221; global_colors_info=&#8221;{}&#8221;][\/dsm_image_accordion_child][dsm_image_accordion_child image_accordion_src=&#8221;https:\/\/utculiacan.edu.mx\/wp-content\/uploads\/2023\/07\/mortar-board-graduation-diploma-1024&#215;668-1.jpg&#8221; use_accordion_icon=&#8221;on&#8221; image_accordion_icon=&#8221;&#xf19d;||fa||900&#8243; image_accordion_title=&#8221;Objetivos eduacionales&#8221; image_accordion_desc=&#8221;Ser\u00e1n emprendedores y generar\u00e1n soluciones en el campo de las tecnolog\u00edas de la informaci\u00f3n, innovando y optimizando procesos de calidad, aplicando el uso eficiente de recursos y cumpliendo con los est\u00e1ndares y normativas vigentes, con el prop\u00f3sito de generar valor para las organizaciones y la sociedad. Ser\u00e1n lideres en equipos de trabajo nacionales y tomar\u00e1n decisiones estrat\u00e9gicas sobre la implementaci\u00f3n de soluciones sostenibles y seguras en infraestructuras tecnol\u00f3gicas. Realizar\u00e1n logros profesionales relevantes acordes con sus actividades profesionales (en la industria o la academia)&#8221; overlay_color=&#8221;rgba(0,0,0,0.4)&#8221; _builder_version=&#8221;4.21.0&#8243; _module_preset=&#8221;default&#8221; background_enable_color=&#8221;off&#8221; global_colors_info=&#8221;{}&#8221;][\/dsm_image_accordion_child][dsm_image_accordion_child image_accordion_src=&#8221;https:\/\/utculiacan.edu.mx\/wp-content\/uploads\/2023\/09\/male-architect-sits-back-at-the-lake-observe-and-plan-about_27536209_24.jpg&#8221; use_accordion_icon=&#8221;on&#8221; image_accordion_icon=&#8221;&#xf0b1;||fa||900&#8243; image_accordion_title=&#8221;Ocupaciones profesionales&#8221; image_accordion_desc=&#8221;\u2022 Ingeniero de calidad y medio ambiente \u2022 Ingeniero de seguridad \u2022 Consultor ambiental \u2022 Jefe de proyectos \u2022 Inspector Ambiental \u2022 Gerente de seguridad, salud y ambiente \u2022 Auditor Ambiental \u2022 Jefe de \u00e1rea o departamento \u2022 Profesor e investigador \u2022 Jefe de laboratorio \u2022 Consultor e Inspector ambiental &#8221; overlay_color=&#8221;rgba(0,0,0,0.4)&#8221; _builder_version=&#8221;4.22.1&#8243; _module_preset=&#8221;default&#8221; background_enable_color=&#8221;off&#8221; global_colors_info=&#8221;{}&#8221;][\/dsm_image_accordion_child][\/dsm_image_accordion][\/et_pb_column][\/et_pb_row][\/et_pb_section][et_pb_section fb_built=&#8221;1&#8243; _builder_version=&#8221;4.21.0&#8243; _module_preset=&#8221;default&#8221; custom_padding=&#8221;31px|||||&#8221; collapsed=&#8221;off&#8221; global_colors_info=&#8221;{}&#8221;][et_pb_row _builder_version=&#8221;4.21.0&#8243; _module_preset=&#8221;default&#8221; width=&#8221;95%&#8221; max_width=&#8221;1920px&#8221; custom_margin=&#8221;0px|auto|0px|auto|false|false&#8221; custom_padding=&#8221;0px||0px||false|false&#8221; global_colors_info=&#8221;{}&#8221;][et_pb_column type=&#8221;4_4&#8243; _builder_version=&#8221;4.21.0&#8243; _module_preset=&#8221;default&#8221; global_colors_info=&#8221;{}&#8221;][dsm_block_reveal_text block_reveal_text=&#8221;Opci\u00f3n Educativa BIS&#8221; _builder_version=&#8221;4.21.0&#8243; _module_preset=&#8221;default&#8221; header_font_size=&#8221;2rem&#8221; header_line_height=&#8221;1.1em&#8221; custom_margin=&#8221;||16px|||&#8221; locked=&#8221;off&#8221; global_colors_info=&#8221;{}&#8221;][\/dsm_block_reveal_text][\/et_pb_column][\/et_pb_row][et_pb_row _builder_version=&#8221;4.21.0&#8243; _module_preset=&#8221;default&#8221; width=&#8221;95%&#8221; max_width=&#8221;1920px&#8221; custom_margin=&#8221;0px|auto|0px|auto|false|false&#8221; custom_padding=&#8221;0px||0px||false|false&#8221; global_colors_info=&#8221;{}&#8221;][et_pb_column type=&#8221;4_4&#8243; _builder_version=&#8221;4.21.0&#8243; _module_preset=&#8221;default&#8221; global_colors_info=&#8221;{}&#8221;][dsm_block_reveal_text block_reveal_text=&#8221;La opci\u00f3n educativa BIS ofrecida en la Universidad Tecnol\u00f3gica de Culiac\u00e1n es una propuesta innovadora que combina tres pilares fundamentales para la formaci\u00f3n integral de los estudiantes: Biling\u00fce, Internacional y Sustentable.&#8221; heading_html_tag=&#8221;p&#8221; _builder_version=&#8221;4.21.0&#8243; _module_preset=&#8221;default&#8221; header_font_size=&#8221;1rem&#8221; custom_margin=&#8221;||16px|||&#8221; locked=&#8221;off&#8221; global_colors_info=&#8221;{}&#8221;][\/dsm_block_reveal_text][\/et_pb_column][\/et_pb_row][et_pb_row column_structure=&#8221;1_3,1_3,1_3&#8243; _builder_version=&#8221;4.21.0&#8243; _module_preset=&#8221;default&#8221; width=&#8221;95%&#8221; max_width=&#8221;1920px&#8221; animation_style=&#8221;fade&#8221; animation_direction=&#8221;left&#8221; animation_duration=&#8221;500ms&#8221; global_colors_info=&#8221;{}&#8221;][et_pb_column type=&#8221;1_3&#8243; _builder_version=&#8221;4.21.0&#8243; _module_preset=&#8221;default&#8221; global_colors_info=&#8221;{}&#8221;][dsm_image_reveal reveal_text=&#8221;Se enfoca en proporcionar a los estudiantes una educaci\u00f3n en la que el dominio de dos idiomas (principalmente ingl\u00e9s y espa\u00f1ol) sea una prioridad. A trav\u00e9s de un enfoque comunicativo, se busca desarrollar habilidades ling\u00fc\u00edsticas s\u00f3lidas que permitan a los estudiantes interactuar de manera efectiva en un entorno globalizado.&#8221; src=&#8221;https:\/\/utculiacan.edu.mx\/wp-content\/uploads\/2023\/07\/Modelo-Bilingue-1024&#215;576-2.jpg&#8221; alt=&#8221;Tarjeta modelo biling\u00fce&#8221; title_text=&#8221;Modelo Bilingue&#8221; reveal_text_animation=&#8221;pulse&#8221; _builder_version=&#8221;4.21.0&#8243; _module_preset=&#8221;default&#8221; reveal_text_font=&#8221;||||||||&#8221; border_radii=&#8221;on|3px|3px|3px|3px&#8221; global_colors_info=&#8221;{}&#8221;][\/dsm_image_reveal][\/et_pb_column][et_pb_column type=&#8221;1_3&#8243; _builder_version=&#8221;4.21.0&#8243; _module_preset=&#8221;default&#8221; global_colors_info=&#8221;{}&#8221;][dsm_image_reveal reveal_text=&#8221;Fomenta una perspectiva global en el aprendizaje, brindando a los estudiantes la oportunidad de explorar diferentes culturas, tradiciones y contextos internacionales. Esto se logra mediante la participaci\u00f3n en programas de intercambio, colaboraciones acad\u00e9micas con instituciones extranjeras y la incorporaci\u00f3n de contenidos internacionales en los planes de estudio.&#8221; src=&#8221;https:\/\/utculiacan.edu.mx\/wp-content\/uploads\/2023\/07\/Modelo-Internacional-1024&#215;573-1.png&#8221; alt=&#8221;Tarjeta modelo Internacional&#8221; title_text=&#8221;Modelo Internacional&#8221; reveal_text_animation=&#8221;pulse&#8221; _builder_version=&#8221;4.21.0&#8243; _module_preset=&#8221;default&#8221; border_radii=&#8221;on|4px|4px|4px|4px&#8221; global_colors_info=&#8221;{}&#8221;][\/dsm_image_reveal][\/et_pb_column][et_pb_column type=&#8221;1_3&#8243; _builder_version=&#8221;4.21.0&#8243; _module_preset=&#8221;default&#8221; global_colors_info=&#8221;{}&#8221;][dsm_image_reveal reveal_text=&#8221;Busca promover la conciencia y responsabilidad ambiental en los estudiantes. A trav\u00e9s de programas y pr\u00e1cticas educativas sustentables, se fomenta la adopci\u00f3n de h\u00e1bitos ecol\u00f3gicos y el desarrollo de soluciones innovadoras que aborden los desaf\u00edos ambientales actuales.&#8221; src=&#8221;https:\/\/utculiacan.edu.mx\/wp-content\/uploads\/2023\/07\/Modelo-Sustentable-1-1024&#215;574-1.png&#8221; alt=&#8221;Tarjeta modelo sustentable&#8221; title_text=&#8221;Modelo Sustentable&#8221; reveal_text_animation=&#8221;pulse&#8221; _builder_version=&#8221;4.21.0&#8243; _module_preset=&#8221;default&#8221; border_radii=&#8221;on|4px|4px|4px|4px&#8221; global_colors_info=&#8221;{}&#8221;][\/dsm_image_reveal][\/et_pb_column][\/et_pb_row][\/et_pb_section][et_pb_section fb_built=&#8221;1&#8243; _builder_version=&#8221;4.21.0&#8243; _module_preset=&#8221;default&#8221; custom_margin=&#8221;-50px|||||&#8221; global_colors_info=&#8221;{}&#8221;][et_pb_row _builder_version=&#8221;4.21.0&#8243; _module_preset=&#8221;default&#8221; global_colors_info=&#8221;{}&#8221;][et_pb_column type=&#8221;4_4&#8243; _builder_version=&#8221;4.21.0&#8243; _module_preset=&#8221;default&#8221; global_colors_info=&#8221;{}&#8221;][dsm_image_hotspots src=&#8221;https:\/\/utculiacan.edu.mx\/wp-content\/uploads\/2023\/07\/Modelo-educativo-UTC.png&#8221; alt=&#8221;Diagrama modelo educativo de la Universidad Tecnol\u00f3gica de Culiac\u00e1n&#8221; title_text=&#8221;Modelo educativo UTC&#8221; _builder_version=&#8221;4.21.0&#8243; _module_preset=&#8221;default&#8221; animation_style=&#8221;fade&#8221; animation_delay=&#8221;500ms&#8221; global_colors_info=&#8221;{}&#8221;][dsm_image_hotspots_child font_icon=&#8221;&#x5b;||divi||400&#8243; icon_color=&#8221;#000000&#8243; left_position=&#8221;19%&#8221; top_position=&#8221;76%&#8221; pulse_animation=&#8221;on&#8221; pulse_background_color=&#8221;#969696&#8243; left_position_tablet=&#8221;18%&#8221; left_position_phone=&#8221;16%&#8221; left_position_last_edited=&#8221;on|phone&#8221; top_position_tablet=&#8221;76%&#8221; top_position_phone=&#8221;72%&#8221; top_position_last_edited=&#8221;on|phone&#8221; _builder_version=&#8221;4.21.0&#8243; _module_preset=&#8221;default&#8221; global_colors_info=&#8221;{}&#8221;]Para ingresar a la UTC, no es necesario manejar el idioma ingl\u00e9s previamente. Durante el primer cuatrimestre de inmersi\u00f3n adquirir\u00e1s las habilidades b\u00e1sicas necesarias con este curso intensivo de 525 horas.<br \/>\n[\/dsm_image_hotspots_child][dsm_image_hotspots_child font_icon=&#8221;&#x5b;||divi||400&#8243; icon_color=&#8221;#000000&#8243; top_position=&#8221;81%&#8221; pulse_animation=&#8221;on&#8221; pulse_background_color=&#8221;#969696&#8243; left_position_tablet=&#8221;37%&#8221; left_position_phone=&#8221;35%&#8221; left_position_last_edited=&#8221;on|tablet&#8221; top_position_tablet=&#8221;77%&#8221; top_position_phone=&#8221;76%&#8221; top_position_last_edited=&#8221;on|desktop&#8221; _builder_version=&#8221;4.21.0&#8243; _module_preset=&#8221;default&#8221; global_colors_info=&#8221;{}&#8221;]Tu exposici\u00f3n a las materias de especialidad en el idioma ingl\u00e9s, comienzan de forma gradual para facilitar la adaptaci\u00f3n al modelo.<br \/>\n[\/dsm_image_hotspots_child][dsm_image_hotspots_child font_icon=&#8221;&#x5b;||divi||400&#8243; icon_color=&#8221;#000000&#8243; left_position=&#8221;70%&#8221; top_position=&#8221;82%&#8221; pulse_animation=&#8221;on&#8221; pulse_background_color=&#8221;#969696&#8243; left_position_tablet=&#8221;70%&#8221; left_position_phone=&#8221;70%&#8221; left_position_last_edited=&#8221;on|phone&#8221; top_position_tablet=&#8221;83%&#8221; top_position_phone=&#8221;77%&#8221; top_position_last_edited=&#8221;on|tablet&#8221; _builder_version=&#8221;4.21.0&#8243; _module_preset=&#8221;default&#8221; global_colors_info=&#8221;{}&#8221;]Tu \u00faltimo cuatrimestre antes de graduar, ser\u00e1 un periodo de estad\u00edas profesionales donde asistes a tu empresa tiempo completo.<br \/>\n[\/dsm_image_hotspots_child][\/dsm_image_hotspots][\/et_pb_column][\/et_pb_row][\/et_pb_section][et_pb_section fb_built=&#8221;1&#8243; _builder_version=&#8221;4.21.0&#8243; _module_preset=&#8221;default&#8221; global_colors_info=&#8221;{}&#8221;][et_pb_row _builder_version=&#8221;4.21.0&#8243; _module_preset=&#8221;default&#8221; width=&#8221;95%&#8221; max_width=&#8221;1920px&#8221; custom_margin=&#8221;0px|auto|0px|auto|false|false&#8221; custom_padding=&#8221;0px||0px||false|false&#8221; global_colors_info=&#8221;{}&#8221;][et_pb_column type=&#8221;4_4&#8243; _builder_version=&#8221;4.21.0&#8243; _module_preset=&#8221;default&#8221; global_colors_info=&#8221;{}&#8221;][dsm_block_reveal_text block_reveal_text=&#8221;Plan de estudios&#8221; _builder_version=&#8221;4.21.0&#8243; _module_preset=&#8221;default&#8221; header_font_size=&#8221;2rem&#8221; header_line_height=&#8221;1.1em&#8221; custom_margin=&#8221;||16px|||&#8221; locked=&#8221;off&#8221; global_colors_info=&#8221;{}&#8221;][\/dsm_block_reveal_text][\/et_pb_column][\/et_pb_row][et_pb_row column_structure=&#8221;1_4,1_4,1_4,1_4&#8243; _builder_version=&#8221;4.21.0&#8243; _module_preset=&#8221;default&#8221; width=&#8221;95%&#8221; max_width=&#8221;100vw&#8221; global_colors_info=&#8221;{}&#8221;][et_pb_column type=&#8221;1_4&#8243; _builder_version=&#8221;4.21.0&#8243; _module_preset=&#8221;default&#8221; global_colors_info=&#8221;{}&#8221;][dsm_block_reveal_text block_reveal_text=&#8221;S\u00e9ptimo Cuatrimestre&#8221; _builder_version=&#8221;4.22.1&#8243; _module_preset=&#8221;default&#8221; custom_margin=&#8221;||10px|||&#8221; global_colors_info=&#8221;{}&#8221;][\/dsm_block_reveal_text][et_pb_text _builder_version=&#8221;4.22.1&#8243; _module_preset=&#8221;default&#8221; animation_style=&#8221;fade&#8221; animation_direction=&#8221;left&#8221; animation_delay=&#8221;1000ms&#8221; global_colors_info=&#8221;{}&#8221;]\u2022 Matem\u00e1ticas para ingenier\u00eda I<br \/>\n\u2022 Administraci\u00f3n del tiempo<br \/>\n\u2022 Evaluaci\u00f3n de riesgo<br \/>\n\u2022 Ingl\u00e9s VI<br \/>\n\u2022 Planeaci\u00f3n y organizaci\u00f3n del trabajo<br \/>\n\u2022 Qu\u00edmica albieltal<br \/>\n[\/et_pb_text][\/et_pb_column][et_pb_column type=&#8221;1_4&#8243; _builder_version=&#8221;4.21.0&#8243; _module_preset=&#8221;default&#8221; global_colors_info=&#8221;{}&#8221;][dsm_block_reveal_text block_reveal_text=&#8221;Octavo cuatrimestre&#8221; _builder_version=&#8221;4.22.1&#8243; _module_preset=&#8221;default&#8221; custom_margin=&#8221;||14px|||&#8221; global_colors_info=&#8221;{}&#8221;][\/dsm_block_reveal_text][et_pb_text _builder_version=&#8221;4.22.1&#8243; _module_preset=&#8221;default&#8221; animation_style=&#8221;fade&#8221; animation_direction=&#8221;left&#8221; animation_delay=&#8221;1000ms&#8221; global_colors_info=&#8221;{}&#8221;]\u2022 Dise\u00f1o de experimentos<br \/>\n\u2022 Evaluaci\u00f3n de impacto ambiental<br \/>\n\u2022 Matem\u00e1ticas para ingenier\u00eda II<br \/>\n\u2022 Ingl\u00e9s VII<br \/>\n\u2022 Producci\u00f3n sustentable<br \/>\n[\/et_pb_text][\/et_pb_column][et_pb_column type=&#8221;1_4&#8243; _builder_version=&#8221;4.21.0&#8243; _module_preset=&#8221;default&#8221; global_colors_info=&#8221;{}&#8221;][dsm_block_reveal_text block_reveal_text=&#8221;Noveno cuatrimestre&#8221; _builder_version=&#8221;4.22.1&#8243; _module_preset=&#8221;default&#8221; header_line_height=&#8221;1.1em&#8221; custom_margin=&#8221;||11px|||&#8221; global_colors_info=&#8221;{}&#8221;][\/dsm_block_reveal_text][et_pb_text _builder_version=&#8221;4.22.1&#8243; _module_preset=&#8221;default&#8221; animation_style=&#8221;fade&#8221; animation_delay=&#8221;1000ms&#8221; global_colors_info=&#8221;{}&#8221;]\u2022<br \/>\n[\/et_pb_text][\/et_pb_column][et_pb_column type=&#8221;1_4&#8243; _builder_version=&#8221;4.21.0&#8243; _module_preset=&#8221;default&#8221; global_colors_info=&#8221;{}&#8221;][dsm_block_reveal_text block_reveal_text=&#8221;D\u00e9cimo cuatrimestre&#8221; _builder_version=&#8221;4.22.1&#8243; _module_preset=&#8221;default&#8221; custom_margin=&#8221;||11px|||&#8221; global_colors_info=&#8221;{}&#8221;][\/dsm_block_reveal_text][et_pb_text _builder_version=&#8221;4.22.1&#8243; _module_preset=&#8221;default&#8221; animation_style=&#8221;fade&#8221; animation_delay=&#8221;1000ms&#8221; global_colors_info=&#8221;{}&#8221;]\u2022 Ingl\u00e9s IX<br \/>\n\u2022 Integradora III<br \/>\n\u2022 Negociaci\u00f3n empresarial<br \/>\n\u2022 Operaciones unitarias<br \/>\n\u2022 Optativa II<br \/>\n\u2022 Tecnolog\u00edas ambientales<br \/>\n[\/et_pb_text][\/et_pb_column][\/et_pb_row][et_pb_row column_structure=&#8221;1_4,1_4,1_4,1_4&#8243; _builder_version=&#8221;4.21.0&#8243; _module_preset=&#8221;default&#8221; width=&#8221;95%&#8221; max_width=&#8221;100vw&#8221; global_colors_info=&#8221;{}&#8221;][et_pb_column type=&#8221;1_4&#8243; _builder_version=&#8221;4.21.0&#8243; _module_preset=&#8221;default&#8221; global_colors_info=&#8221;{}&#8221;][dsm_block_reveal_text block_reveal_text=&#8221;Onceavo cuatrimestre&#8221; _builder_version=&#8221;4.22.1&#8243; _module_preset=&#8221;default&#8221; custom_margin=&#8221;||10px|||&#8221; global_colors_info=&#8221;{}&#8221;][\/dsm_block_reveal_text][et_pb_text _builder_version=&#8221;4.22.1&#8243; _module_preset=&#8221;default&#8221; animation_style=&#8221;fade&#8221; animation_direction=&#8221;left&#8221; animation_delay=&#8221;1000ms&#8221; global_colors_info=&#8221;{}&#8221;]\u2022 Estad\u00eda Profesional.<br \/>\n[\/et_pb_text][\/et_pb_column][et_pb_column type=&#8221;1_4&#8243; _builder_version=&#8221;4.21.0&#8243; _module_preset=&#8221;default&#8221; global_colors_info=&#8221;{}&#8221;][\/et_pb_column][et_pb_column type=&#8221;1_4&#8243; _builder_version=&#8221;4.21.0&#8243; _module_preset=&#8221;default&#8221; global_colors_info=&#8221;{}&#8221;][\/et_pb_column][et_pb_column type=&#8221;1_4&#8243; _builder_version=&#8221;4.21.0&#8243; _module_preset=&#8221;default&#8221; global_colors_info=&#8221;{}&#8221;][dsm_block_reveal_text block_reveal_text=&#8221;Continuidad&#8221; _builder_version=&#8221;4.21.0&#8243; _module_preset=&#8221;default&#8221; custom_margin=&#8221;||11px|||&#8221; global_colors_info=&#8221;{}&#8221;][\/dsm_block_reveal_text][et_pb_text _builder_version=&#8221;4.22.1&#8243; _module_preset=&#8221;default&#8221; custom_padding=&#8221;||0px|||&#8221; animation_style=&#8221;fade&#8221; animation_delay=&#8221;1000ms&#8221; global_colors_info=&#8221;{}&#8221;]\n<p><a href=\"https:\/\/utculiacan.edu.mx\/titulacion\/\">Titulaci\u00f3n \u2192<\/a><\/p>\n[\/et_pb_text][\/et_pb_column][\/et_pb_row][\/et_pb_section][et_pb_section fb_built=&#8221;1&#8243; fullwidth=&#8221;on&#8221; _builder_version=&#8221;4.21.0&#8243; _module_preset=&#8221;default&#8221; global_colors_info=&#8221;{}&#8221;][et_pb_fullwidth_slider show_image_video_mobile=&#8221;on&#8221; _builder_version=&#8221;4.22.1&#8243; _module_preset=&#8221;default&#8221; header_level=&#8221;h3&#8243; background_color=&#8221;#00b094&#8243; width=&#8221;100%&#8221; max_width=&#8221;100vw&#8221; content_width=&#8221;100%&#8221; content_max_width=&#8221;100vw&#8221; animation_style=&#8221;fade&#8221; animation_delay=&#8221;500ms&#8221; hover_enabled=&#8221;0&#8243; global_colors_info=&#8221;{}&#8221; sticky_enabled=&#8221;0&#8243;][et_pb_slide heading=&#8221;Taller %22Prueba de Jarras: Coagulaci\u00f3n-Floculaci\u00f3n%22&#8243; image=&#8221;https:\/\/utculiacan.edu.mx\/wp-content\/uploads\/2023\/09\/alumnosambiental.jpg&#8221; _builder_version=&#8221;4.22.1&#8243; _module_preset=&#8221;default&#8221; hover_enabled=&#8221;0&#8243; border_radii_image=&#8221;on|3px|3px|3px|3px&#8221; global_colors_info=&#8221;{}&#8221; sticky_transition=&#8221;on&#8221; title_text=&#8221;alumnosambiental&#8221; sticky_enabled=&#8221;0&#8243;]\n<p>Se imparti\u00f3 el taller &#8220;Prueba de Jarras: Coagulaci\u00f3n-Floculaci\u00f3n&#8221; por parte del Ing. Blas Reyes Zazueta, quien cuenta con una experiencia de 35 a\u00f1os en el tratamiento de aguas residuales.\u00a0<\/p>\n[\/et_pb_slide][et_pb_slide heading=&#8221;Reconocimiento de la UTC&#8221; image=&#8221;https:\/\/utculiacan.edu.mx\/wp-content\/uploads\/2023\/09\/ambiental.jpg&#8221; _builder_version=&#8221;4.22.1&#8243; _module_preset=&#8221;default&#8221; hover_enabled=&#8221;0&#8243; border_radii_image=&#8221;on|3px|3px|3px|3px&#8221; global_colors_info=&#8221;{}&#8221; sticky_transition=&#8221;on&#8221; title_text=&#8221;ambiental&#8221; sticky_enabled=&#8221;0&#8243;]\n<p>La Universidad Tecnol\u00f3gica de Culiac\u00e1n fue reconocida en el evento Honrar &#8211; Honra 2022 organizado por <a class=\"x1i10hfl xjbqb8w x6umtig x1b1mbwd xaqea5y xav7gou x9f619 x1ypdohk xt0psk2 xe8uvvx xdj266r x11i5rnm xat24cr x1mh8g0r xexx8yu x4uap5 x18d9i69 xkhd6sd x16tdsg8 x1hl2dhg xggy1nq x1a2a7pz xt0b8zv x1qq9wsj xo1l8bm\" tabindex=\"0\" role=\"link\" href=\"https:\/\/www.facebook.com\/PromotoraAmbientalSABdeCV?__cft__[0]=AZU2LzjTnqZ6gEDDxr6mjnLBOuh68PPdKub9ELIbrIU_1yb1UDZQMsNl0GUjsg-8tVDynFAUfHC-M6AgqsQ9-RI5Udk6qkKUvpX8nblmMzY0LwsgaSFfyWrcwdfLuutOOwI&amp;__tn__=-]K-R\"><span class=\"xt0psk2\">Promotora Ambiental<\/span><\/a> , por las acciones realizadas a favor del medio ambiente y la sociedad durante el a\u00f1o 2021 mediante nuestro modelo de educaci\u00f3n: BILING\u00dcE, INTERNACIONAL Y SUSTENTABLE. Este reconocimiento nos compromete a\u00fan m\u00e1s para que nuestra raz\u00f3n de ser como instituci\u00f3n educativa vaya encaminada a la labor en pro del cuidado del medio ambiente.<\/p>\n[\/et_pb_slide][\/et_pb_fullwidth_slider][\/et_pb_section][et_pb_section fb_built=&#8221;1&#8243; _builder_version=&#8221;4.21.0&#8243; _module_preset=&#8221;default&#8221; custom_padding=&#8221;||7px|||&#8221; global_colors_info=&#8221;{}&#8221;][et_pb_row column_structure=&#8221;1_3,1_3,1_3&#8243; _builder_version=&#8221;4.21.0&#8243; _module_preset=&#8221;default&#8221; global_colors_info=&#8221;{}&#8221;][et_pb_column type=&#8221;1_3&#8243; _builder_version=&#8221;4.21.0&#8243; _module_preset=&#8221;default&#8221; global_colors_info=&#8221;{}&#8221;][\/et_pb_column][et_pb_column type=&#8221;1_3&#8243; _builder_version=&#8221;4.22.1&#8243; _module_preset=&#8221;default&#8221; global_colors_info=&#8221;{}&#8221;][et_pb_button button_url=&#8221;https:\/\/sce.utculiacan.edu.mx\/preins\/&#8221; url_new_window=&#8221;on&#8221; button_text=&#8221;Preinscripciones&#8221; button_alignment=&#8221;center&#8221; _builder_version=&#8221;4.21.0&#8243; _module_preset=&#8221;default&#8221; custom_button=&#8221;on&#8221; button_text_color=&#8221;#000000&#8243; global_colors_info=&#8221;{}&#8221;][\/et_pb_button][\/et_pb_column][et_pb_column type=&#8221;1_3&#8243; _builder_version=&#8221;4.21.0&#8243; _module_preset=&#8221;default&#8221; global_colors_info=&#8221;{}&#8221;][\/et_pb_column][\/et_pb_row][et_pb_row _builder_version=&#8221;4.21.0&#8243; _module_preset=&#8221;default&#8221; global_colors_info=&#8221;{}&#8221;][et_pb_column type=&#8221;4_4&#8243; _builder_version=&#8221;4.21.0&#8243; _module_preset=&#8221;default&#8221; global_colors_info=&#8221;{}&#8221;][et_pb_divider color=&#8221;#000000&#8243; _builder_version=&#8221;4.21.0&#8243; _module_preset=&#8221;default&#8221; global_colors_info=&#8221;{}&#8221;][\/et_pb_divider][\/et_pb_column][\/et_pb_row][\/et_pb_section][et_pb_section fb_built=&#8221;1&#8243; _builder_version=&#8221;4.21.0&#8243; _module_preset=&#8221;default&#8221; custom_padding=&#8221;2px|||||&#8221; global_colors_info=&#8221;{}&#8221;][et_pb_row _builder_version=&#8221;4.21.0&#8243; _module_preset=&#8221;default&#8221; width=&#8221;95%&#8221; max_width=&#8221;1920px&#8221; custom_margin=&#8221;0px|auto|0px|auto|false|false&#8221; custom_padding=&#8221;0px||0px||false|false&#8221; global_colors_info=&#8221;{}&#8221;][et_pb_column type=&#8221;4_4&#8243; _builder_version=&#8221;4.21.0&#8243; _module_preset=&#8221;default&#8221; global_colors_info=&#8221;{}&#8221;][dsm_block_reveal_text block_reveal_text=&#8221;\u00bfInteresado? D\u00e9janos tus datos&#8221; _builder_version=&#8221;4.21.0&#8243; _module_preset=&#8221;default&#8221; header_font_size=&#8221;2rem&#8221; header_line_height=&#8221;1.1em&#8221; custom_margin=&#8221;||16px|||&#8221; locked=&#8221;off&#8221; global_colors_info=&#8221;{}&#8221;][\/dsm_block_reveal_text][\/et_pb_column][\/et_pb_row][et_pb_row _builder_version=&#8221;4.21.0&#8243; _module_preset=&#8221;default&#8221; width=&#8221;95%&#8221; max_width=&#8221;100vw&#8221; global_colors_info=&#8221;{}&#8221;][et_pb_column type=&#8221;4_4&#8243; _builder_version=&#8221;4.21.0&#8243; _module_preset=&#8221;default&#8221; global_colors_info=&#8221;{}&#8221;][wpforms_selector form_id=&#8221;17261&#8243; _builder_version=&#8221;4.21.0&#8243; _module_preset=&#8221;default&#8221; global_colors_info=&#8221;{}&#8221;][\/wpforms_selector][\/et_pb_column][\/et_pb_row][\/et_pb_section]\n","protected":false},"excerpt":{"rendered":"<p><div class=\"et_pb_module dsm_block_reveal_text dsm_block_reveal_text_0\">\n\t\t\t\t\n\t\t\t\t\n\t\t\t\t\n\t\t\t\t\n\t\t\t\t\n\t\t\t\t\n\t\t\t\t<div class=\"et_pb_module_inner\">\n\t\t\t\t\t<div class=\"dsm_block_reveal_text_wrapper\" data-dsm-block-reveal-text=[{\"animation\":\"lr\",\"color\":\"#ffffff\",\"delay\":\"0.1\",\"viewport\":\"80%\"}]><h2 class=\"dsm_block_reveal_text_header et_pb_module_header\">Campo laboral<\/h2><\/div>\n\t\t\t\t<\/div>\n\t\t\t<\/div><div class=\"et_pb_module dsm_block_reveal_text dsm_block_reveal_text_1\">\n\t\t\t\t\n\t\t\t\t\n\t\t\t\t\n\t\t\t\t\n\t\t\t\t\n\t\t\t\t\n\t\t\t\t<div class=\"et_pb_module_inner\">\n\t\t\t\t\t<div class=\"dsm_block_reveal_text_wrapper\" data-dsm-block-reveal-text=[{\"animation\":\"lr\",\"color\":\"#ffffff\",\"delay\":\"0.1\",\"viewport\":\"80%\"}]><p class=\"dsm_block_reveal_text_header et_pb_module_header\">\u2022 Empresas p\u00fablicas y privadas en el \u00e1mbito ambiental y de seguridad.<\/p><\/div>\n\t\t\t\t<\/div>\n\t\t\t<\/div><div class=\"et_pb_module dsm_block_reveal_text dsm_block_reveal_text_2\">\n\t\t\t\t\n\t\t\t\t\n\t\t\t\t\n\t\t\t\t\n\t\t\t\t\n\t\t\t\t\n\t\t\t\t<div class=\"et_pb_module_inner\">\n\t\t\t\t\t<div class=\"dsm_block_reveal_text_wrapper\" data-dsm-block-reveal-text=[{\"animation\":\"lr\",\"color\":\"#ffffff\",\"delay\":\"0.1\",\"viewport\":\"80%\"}]><p class=\"dsm_block_reveal_text_header et_pb_module_header\">\u2022 Consultor\u00edas ambientales.<\/p><\/div>\n\t\t\t\t<\/div>\n\t\t\t<\/div><div class=\"et_pb_module dsm_block_reveal_text dsm_block_reveal_text_3\">\n\t\t\t\t\n\t\t\t\t\n\t\t\t\t\n\t\t\t\t\n\t\t\t\t\n\t\t\t\t\n\t\t\t\t<div class=\"et_pb_module_inner\">\n\t\t\t\t\t<div class=\"dsm_block_reveal_text_wrapper\" data-dsm-block-reveal-text=[{\"animation\":\"lr\",\"color\":\"#ffffff\",\"delay\":\"0.1\",\"viewport\":\"80%\"}]><p class=\"dsm_block_reveal_text_header et_pb_module_header\">\u2022 Laboratorios de an\u00e1lisis ambientales.<\/p><\/div>\n\t\t\t\t<\/div>\n\t\t\t<\/div><div class=\"et_pb_module dsm_block_reveal_text dsm_block_reveal_text_4\">\n\t\t\t\t\n\t\t\t\t\n\t\t\t\t\n\t\t\t\t\n\t\t\t\t\n\t\t\t\t\n\t\t\t\t<div class=\"et_pb_module_inner\">\n\t\t\t\t\t<div class=\"dsm_block_reveal_text_wrapper\" data-dsm-block-reveal-text=[{\"animation\":\"lr\",\"color\":\"#ffffff\",\"delay\":\"0.1\",\"viewport\":\"80%\"}]><&#8221;p&#8221; class=\"dsm_block_reveal_text_header et_pb_module_header\">&#8221;\u2022<\/&#8221;p&#8221;><\/div>\n\t\t\t\t<\/div>\n\t\t\t<\/div><\/p>\n","protected":false},"author":30,"featured_media":0,"parent":0,"menu_order":0,"comment_status":"closed","ping_status":"closed","template":"","meta":{"_et_pb_use_builder":"on","_et_pb_old_content":"","_et_gb_content_width":"","_monsterinsights_skip_tracking":false,"_monsterinsights_sitenote_active":false,"_monsterinsights_sitenote_note":"","_monsterinsights_sitenote_category":0,"_uf_show_specific_survey":0,"_uf_disable_surveys":false,"footnotes":""},"class_list":["post-17729","page","type-page","status-publish","hentry"],"aioseo_notices":[],"_links":{"self":[{"href":"https:\/\/utculiacan.edu.mx\/en\/wp-json\/wp\/v2\/pages\/17729","targetHints":{"allow":["GET"]}}],"collection":[{"href":"https:\/\/utculiacan.edu.mx\/en\/wp-json\/wp\/v2\/pages"}],"about":[{"href":"https:\/\/utculiacan.edu.mx\/en\/wp-json\/wp\/v2\/types\/page"}],"author":[{"embeddable":true,"href":"https:\/\/utculiacan.edu.mx\/en\/wp-json\/wp\/v2\/users\/30"}],"replies":[{"embeddable":true,"href":"https:\/\/utculiacan.edu.mx\/en\/wp-json\/wp\/v2\/comments?post=17729"}],"version-history":[{"count":15,"href":"https:\/\/utculiacan.edu.mx\/en\/wp-json\/wp\/v2\/pages\/17729\/revisions"}],"predecessor-version":[{"id":17894,"href":"https:\/\/utculiacan.edu.mx\/en\/wp-json\/wp\/v2\/pages\/17729\/revisions\/17894"}],"wp:attachment":[{"href":"https:\/\/utculiacan.edu.mx\/en\/wp-json\/wp\/v2\/media?parent=17729"}],"curies":[{"name":"wp","href":"https:\/\/api.w.org\/{rel}","templated":true}]}}